{"id":83,"date":"2020-08-17T21:27:18","date_gmt":"2020-08-17T19:27:18","guid":{"rendered":"http:\/\/ceiptorrevieja.es\/?page_id=83"},"modified":"2026-01-20T23:10:18","modified_gmt":"2026-01-20T22:10:18","slug":"biblioteca","status":"publish","type":"page","link":"https:\/\/ceiptorrevieja.es\/?page_id=83","title":{"rendered":"BIBLIOTECA"},"content":{"rendered":"\n<p class=\"has-text-align-center\">\u00a1BIENVENIDOS A LA BIBLIOTECA ESCOLAR !<\/p>\n\n\n\n<p class=\"has-text-align-center\">CEIP TORREVIEJA<\/p>\n\n\n\n<h6 class=\"has-text-align-center has-black-color has-cyan-bluish-gray-background-color has-text-color has-background\"><strong><span class=\"has-inline-color has-luminous-vivid-orange-color\"><a href=\"https:\/\/docs.google.com\/document\/d\/1gfgfguHfHx9ulfiMP_o-PIxM-N_6bpnJtojDJG5sM04\/edit\">Plan de Biblioteca<\/a><\/span><\/strong><\/h6>\n\n\n\n<p class=\"has-text-align-center has-black-color has-vivid-green-cyan-background-color has-text-color has-background\"><a href=\"https:\/\/drive.google.com\/file\/d\/1j3I14JS-CFqdtHEEVvv5Riz9V6LIAg1L\/view?usp=sharing\">PLAN DE LECTOESCRITURA<img loading=\"lazy\" width=\"709\" height=\"588\" class=\"wp-image-8228\" style=\"width: 300px;\" src=\"https:\/\/ceiptorrevieja.es\/wp-content\/uploads\/2025\/11\/image-17.png\" alt=\"\" srcset=\"https:\/\/ceiptorrevieja.es\/wp-content\/uploads\/2025\/11\/image-17.png 709w, https:\/\/ceiptorrevieja.es\/wp-content\/uploads\/2025\/11\/image-17-300x249.png 300w\" sizes=\"(max-width: 709px) 100vw, 709px\" \/><\/a><\/p>\n\n\n\n<p><\/p>\n\n\n\n<p><strong><u>SERVICIOS DE LA BIBLIOTECA ESCOLAR.<\/u><\/strong><\/p>\n\n\n\n<p>La biblioteca del centro permanecer\u00e1, durante el presente curso escolar, NO ESTAR\u00c1 abierta durante los recreos.<\/p>\n\n\n\n<p>Cada grupo de alumnos\/as, con su tutor\/a, tendr\u00e1 reservada una hora semanal para utilizar la biblioteca en su horario lectivo, con las siguientes finalidades:<\/p>\n\n\n\n<ul><li>Uso de la biblioteca escolar como centro de recursos que apoya el proceso de ense\u00f1anza de nuestro alumnado.<\/li><\/ul>\n\n\n\n<ul><li>Realizaci\u00f3n de actividades did\u00e1cticas.<\/li><\/ul>\n\n\n\n<ul><li>Lectura de fondos de la biblioteca y servicio de pr\u00e9stamo, informando al responsable de la biblioteca lo antes posible, en horario de biblioteca, o registrando sobre su pr\u00e9stamo o devoluci\u00f3n.<\/li><\/ul>\n\n\n\n<p>Los pr\u00e9stamos se pueden devolver cualquier d\u00eda de la semana, en horario de biblioteca.<\/p>\n\n\n\n<p>Los servicios que presta la Biblioteca Escolar son: lectura y consulta en sala, pr\u00e9stamo, informaci\u00f3n.<\/p>\n\n\n\n<p>Las actividades que se realicen, las novedades, los horarios, las normas de funcionamiento, etc. se colocar\u00e1n en un tabl\u00f3n de anuncios, que est\u00e1 situado junto a la puerta de la biblioteca.<\/p>\n\n\n\n<p>Para disfrutar del servicio de pr\u00e9stamo es necesario disponer del carn\u00e9 de la biblioteca, que se entrega gratuitamente al alumnado.<\/p>\n\n\n\n<p>Cada alumno\/a con su carn\u00e9 podr\u00e1 llevarse como m\u00e1ximo 2 libros durante 15 d\u00edas. Todos los pr\u00e9stamos deber\u00e1n ser anotados por EL TUTOR O TUTORA, de momento manualmente, y cuando est\u00e9 todo informatizado, con el ordenador: el lector de c\u00f3digo de barras leer\u00e1 los de cada carn\u00e9 y los del libro.<\/p>\n\n\n\n<p>Cuando alguien desee realizar un pr\u00e9stamo, lecturas o hacer una consulta de libros o enciclopedias de la biblioteca, podr\u00e1 acceder directamente a los documentos pidi\u00e9ndoselos al responsable de la biblioteca en ese momento. Al finalizar la consulta, \u00e9stos ser\u00e1n devueltos a la misma persona para que queden colocados en su lugar original.<\/p>\n\n\n\n<p>Durante la permanencia en la biblioteca escolar, los alumnos\/as est\u00e1n obligados a guardar silencio y a mantener un comportamiento adecuado. De manera contraria, pueden ser obligados a abandonar dicho espacio en ese momento.<\/p>\n\n\n\n<p>Cuando se coge un libro de cualquier estanter\u00eda se ha de ser cuidadoso. Otra forma de seleccionar los libros es preguntando a la persona responsable en ese momento, que informar\u00e1 de temas, autores o novedades.<\/p>\n\n\n\n<p>El incumplimiento de las normas de funcionamiento de la biblioteca escolar, as\u00ed como el uso indebido de los fondos conllevar\u00e1 la aplicaci\u00f3n de penalizaciones:<\/p>\n\n\n\n<ul><li>Retrasos en las devoluciones: A los que tardan en devolver un ejemplar se les puede sancionar con la retirada del carn\u00e9 durante tantos d\u00edas como se sobrepase el periodo autorizado.<\/li><\/ul>\n\n\n\n<ul><li>&nbsp;P\u00e9rdidas y deterioro de documentos: Para evitar las p\u00e9rdidas de documentos hay que concienciar a los usuarios de la necesidad de cuidar el material de la biblioteca. En los casos de deterioro leve, es mejor que el alumnado lo comunique a la bibliotecaria y no intente arreglarlo por cuenta propia. Cuando se produzca un deterioro serio o una p\u00e9rdida, ser\u00e1 necesario que se reponga la obra, mediante previa comunicaci\u00f3n a las familias del alumno\/a que haya causado el deterioro grave o la p\u00e9rdida.<\/li><\/ul>\n\n\n\n<p>&nbsp;&nbsp;&nbsp;&nbsp;&nbsp;&nbsp;&nbsp;&nbsp;&nbsp;&nbsp;&nbsp; El profesor\/a que acude a la biblioteca en horario lectivo para realizar actividades did\u00e1cticas es responsable de los libros que vaya a utilizar, debiendo anotar en el cuaderno de visitas su nombre, fecha y objetivo de la visita.<\/p>\n\n\n\n<p><strong>&nbsp;<\/strong><strong><u>CONTRIBUCI\u00d3N DE LA BIBLIOTECA ESCOLAR AL FOMENTO DE LA LECTURA.<\/u><\/strong><\/p>\n\n\n\n<p><strong><u>ACTUACIONES DE CAR\u00c1CTER GENERAL.<\/u><\/strong><\/p>\n\n\n\n<p>&nbsp;&nbsp;&nbsp;&nbsp;&nbsp;&nbsp;&nbsp; En primer lugar vamos a detallar la planificaci\u00f3n de actividades generales para el desarrollo del plan de trabajo temporizadas anualmente. Dichas actividades est\u00e1n relacionadas con el Proyecto Lector del centro.<\/p>\n\n\n\n<p>El desarrollo de las actividades, es el siguiente:<\/p>\n\n\n\n<p><strong><u>OCTUBRE<\/u><\/strong>: <strong>P\u00f3cimas, hechizos y otras recetas de brujas.<\/strong><\/p>\n\n\n\n<p>Con motivo de la celebraci\u00f3n de Halloween, cada curso trabajar\u00e1 cuentos relacionados con brujas y hechizos, haciendo murales, redacciones, posters, dibujos, dramatizaciones o cualquier otra actividad propuesta por el profesorado.<\/p>\n\n\n\n<p>Es interesante que las familias participen de esta actividad formando parte del programa de familias lectoras proponiendo alguna actividad que pueda interactuar con el alumnado a trav\u00e9s de el cuento asignado.<\/p>\n\n\n\n<p>Cada nivel trabaja los textos cl\u00e1sicos durante la semana del 17 al 28 de octubre, participando la familia lectora, con lecturas o bien con dramatizaciones, es una manera de hacer part\u00edcipe a la familia a trav\u00e9s de la lectura y Dramatizaciones.<\/p>\n\n\n\n<ul><li><strong><em>LA BELLA DURMIENTE<\/em><\/strong><\/li><li><a href=\"https:\/\/www.google.es\/search?client=browser-ubuntu&amp;hs=V6g&amp;channel=fe&amp;hl=es&amp;q=HANSEL+Y+GRETEL&amp;spell=1&amp;sa=X&amp;ved=0ahUKEwj8qIWHhtrP\"><strong><em>HANSEL Y GRETEL<\/em><\/strong><\/a><\/li><li><strong><em>EL GENIO DE LA BOTELLA<\/em><\/strong><\/li><li><a href=\"https:\/\/www.youtube.com\/watch?v=nud8xIOYPBU\"><strong><em>LOS TRES PELOS DE ORO DEL DIABLO<\/em><\/strong><\/a><\/li><li><a href=\"https:\/\/www.google.es\/search?client=browser-ubuntu&amp;channel=fe&amp;hl=es&amp;biw=1434&amp;bih=695&amp;q=RAPUNZEL&amp;spell=1&amp;sa=X&amp;ved=0ahUKEwjJx7P2h\"><strong><em>RAPUNZEL<\/em><\/strong><\/a><\/li><li><strong><em>LA MUERTE MADRINA.<\/em><\/strong><\/li><\/ul>\n\n\n\n<p><strong><u>NOVIEMBRE:<\/u><\/strong> <strong>Fiesta del oto\u00f1o.<\/strong><\/p>\n\n\n\n<p>Poes\u00edas de oto\u00f1o. Murales sobre frutos de la estaci\u00f3n, recetas, utilizaci\u00f3n del comedor escolar, etc&#8230;<\/p>\n\n\n\n<p><strong><u>Del 18 al 29 noviembre:<\/u><\/strong>&nbsp; Poes\u00edas de oto\u00f1o.<\/p>\n\n\n\n<p>Murales sobre frutos de la estaci\u00f3n, recetas, etc. Participaci\u00f3n positiva de las familias. Dentro del programa creciendo en Salud. <strong><em>Cada nivel realizar\u00e1 un Mural<\/em><\/strong> sobre las propiedades del alimento asignado.<\/p>\n\n\n\n<figure class=\"wp-block-table\"><table><tbody><tr><td>INFANTIL<\/td><td>&nbsp;ALIMENTOS DE OTO\u00d1O (libre)<\/td><\/tr><tr><td>1\u00ba CURSO<\/td><td>&nbsp;NARANJA<\/td><\/tr><tr><td>2\u00ba CURSO<\/td><td>&nbsp;NUEZ<\/td><\/tr><tr><td>3\u00ba CURSO<\/td><td>CASTA\u00d1A<\/td><\/tr><tr><td>4\u00ba CURSO<\/td><td>MANZANA<\/td><\/tr><tr><td>5\u00ba CURSO<\/td><td>ZANAHORIA<\/td><\/tr><tr><td>6\u00ba CURSO<\/td><td>MEMBRILLO<\/td><\/tr><\/tbody><\/table><\/figure>\n\n\n\n<p>Con estos alimentos se realizar\u00e1n recetas, dictados, lecturas compartidas&#8230;<\/p>\n\n\n\n<p>Cada curso tendr\u00e1 asignado un horario para trabajar en el comedor.<\/p>\n\n\n\n<figure class=\"wp-block-table\"><table><tbody><tr><td><strong>16\/11\/21<\/strong> &nbsp; 9:15 &#8211; 6\u00baA &nbsp; &nbsp; &nbsp;<\/td><td><strong>17\/11\/21<\/strong> <strong>&nbsp;<\/strong> 9:15 &#8211; 5\u00baB &nbsp;<\/td><td><strong>18\/11\/21<\/strong> &nbsp; 9:15 &#8211; Infantil 5\u00baA\u00f1os &nbsp;<\/td><td><strong>19\/11\/21<\/strong> &nbsp; 9:15 &#8211; Infantil 4\u00baA\u00f1os &nbsp;<\/td><td><strong>22\/11\/21<\/strong> &nbsp; 9:15 -Infantil 3\u00baA\u00f1os &nbsp;<\/td><td><strong>23\/11\/21<\/strong> &nbsp; 9:15 &#8211; 2\u00ba<\/td><\/tr><tr><td><strong>24\/11\/21<\/strong> &nbsp; 9:15 &#8211; 6\u00baB &nbsp;<\/td><td><strong>25\/11\/21<\/strong> &nbsp; 9:00 &#8211; 1\u00ba &nbsp; &nbsp;<\/td><td><strong>26\/11\/21<\/strong> &nbsp; 9:15 &#8211; 3\u00ba &nbsp;<\/td><td><strong>29\/11\/21<\/strong> &nbsp; 9.15 &#8211; 4\u00ba &nbsp;<\/td><td><strong>30\/11\/21<\/strong> &nbsp; 9:00 &#8211; 5\u00ba A<\/td><\/tr><\/tbody><\/table><\/figure>\n\n\n\n<p><strong><u>DICIEMBRE<\/u><\/strong>: <strong>D\u00eda de la Lectura en Andaluc\u00eda y Navidad.<\/strong><\/p>\n\n\n\n<p>Realizar una composici\u00f3n escrita sobre: <strong>\u00bfC\u00f3mo quiero que sea mi Navidad?<\/strong><\/p>\n\n\n\n<p>Los alumnos y alumnas escribir\u00e1n una composici\u00f3n en la que reflejar\u00e1n c\u00f3mo les gustar\u00eda que fuese esta pr\u00f3xima Navidad tras este periodo de pandemia en el que ha sido imposible celebrarla como en otros a\u00f1os anteriores. Los trabajos ser\u00e1n expuestos en los tablones de anuncios de cada curso.<\/p>\n\n\n\n<p><strong><u>ENERO:<\/u><\/strong><strong> D\u00cdA DE LA PAZ.<\/strong><\/p>\n\n\n\n<p>Se trabajar\u00e1 <strong>\u201cLa receta de la Paz\u201d.<\/strong> Consiste en elaborar una receta teniendo en cuenta unos \u201cingredientes\u201d que est\u00e1n compuestos de palabras que hacen alusi\u00f3n a un ambiente pac\u00edfico y alejado de la violencia (confianza, amor, libertad, tolerancia, etc.). Con esos ingredientes el alumnado los incluir\u00e1 en su propia receta d\u00e1ndole forma para llegar a un producto final lleno de paz y de no violencia.<\/p>\n\n\n\n<p><a href=\"https:\/\/drive.google.com\/file\/d\/1__3AGsn2NvzRg-RVTgFFtUFED84be882\/view?ths=true\">RECETAS DE LA PAZ<\/a><\/p>\n\n\n\n<p><\/p>\n\n\n\n<p><strong><u>FEBRERO<\/u><\/strong>: <strong>D\u00eda de Andaluc\u00eda.<\/strong>  <a href=\"https:\/\/drive.google.com\/file\/d\/197vBtGb0vQ3cdRd2xIWANVJd7_fuHTij\/view?ths=true\">Picha Aqu\u00ed<\/a><\/p>\n\n\n\n<p>Trabajo de investigaci\u00f3n e implicaci\u00f3n del uso de las TICS sobre las provincias andaluzas. Se repartir\u00e1n las ocho provincias entre los cursos que trabajar\u00e1n desde <strong>tres \u00e1mbitos importantes<\/strong> de las mismas: monumentos, personajes relevantes o famosos y recetas. El formato de presentaci\u00f3n de los trabajos escritos se adaptar\u00e1 a las necesidades del alumnado y sus caracter\u00edsticas.<\/p>\n\n\n\n<p><strong><u>MARZO:<\/u><\/strong><strong> D\u00eda de la Mujer.<\/strong><\/p>\n\n\n\n<p>Bajo el t\u00edtulo <strong>\u201cMujeres trabajadoras en mi familia\u201d<\/strong> se propone trabajar el texto escrito a trav\u00e9s de una entrevista en la que el alumnado realizar\u00e1 unas preguntas en su entorno m\u00e1s cercano. Se le orientar\u00e1 al alumnado sobre las distintas preguntas a realizar para unificar la informaci\u00f3n que se quiere obtener de las familias.<\/p>\n\n\n\n<p><strong><u>ABRIL:<\/u><\/strong> <strong>D\u00cdA DEL LIBRO.<\/strong><\/p>\n\n\n\n<p>Se realizar\u00e1n visitas a la <strong>Biblioteca P\u00fablica Municipal<\/strong> en la que podr\u00e1n conocer dicho lugar de conocimiento de nuestra localidad, sus instalaciones, su funcionamiento, etc, para posteriormente realizar un texto de reflexi\u00f3n sobre la visita realizada. Dicho texto escrito se orientar\u00e1 hacia una opini\u00f3n personal, la descripci\u00f3n del lugar, lo m\u00e1s interesante que han visto, lo que menos, etc. Se dar\u00e1 importancia a la expresi\u00f3n y la forma de manifestar sus pensamientos cr\u00edticos plasmados por escrito.<\/p>\n\n\n\n<p><strong><u>MAYO:<\/u><\/strong> <strong>La Primavera.<\/strong><\/p>\n\n\n\n<p>Aprovechando el cambio estacional de este mes se trabajar\u00e1 la primavera a trav\u00e9s de poes\u00edas y composiciones que el alumnado escribir\u00e1 en forma de decorativas formas florales. Se pretende que el alumnado desarrolle su capacidad creativa a la hora de crear peque\u00f1as <strong>composiciones po\u00e9ticas<\/strong> y su aplicaci\u00f3n art\u00edstica jugando con los distintos versos con motivos primaverales.<\/p>\n\n\n\n<p><strong><u>JUNIO: <\/u><\/strong><strong>El Verano.<\/strong><\/p>\n\n\n\n<p>Se propone como actividad en esta recta final del curso trabajar sobre lo planes que tienen en el verano y el periodo de vacaciones que pronto va a comenzar. El alumnado aprender\u00e1 a hacer posibles <strong>preparativos y planes<\/strong> ante el periodo vacacional pr\u00f3ximo a comenzar.<\/p>\n\n\n\n<p><strong><u>COLABORACIONES: IMPLICACI\u00d3N DE LAS FAMILIAS Y COLABORACI\u00d3N DE<\/u><\/strong><strong><u> <\/u><\/strong><strong><u>OTROS SECTORES. APERTURA EXTRAESCOLAR.<\/u><\/strong><\/p>\n\n\n\n<p>Durante el presente curso escolar, el nivel de colaboraci\u00f3n de la Comunidad Educativa en la organizaci\u00f3n y funcionamiento de la biblioteca escolar del centro ser\u00e1 el que se describe a continuaci\u00f3n:<\/p>\n\n\n\n<ul><li>Se potenciar\u00e1n todas aquellas actividades propuestas por los organismos, asociaciones, autores, colaboraciones que puedan presentarse durante el curso que ofrezcan animaci\u00f3n hacia la lectura y animen al alumnado a aumentar su gusto por la lectura.<\/li><li>Los padres y las madres, apoyar\u00e1n la puesta en funcionamiento del proyecto lector y de la biblioteca escolar con actitudes positivas hacia \u00e9l, reforzando desde la familias los trabajos que se propongan, valorando las normas de uso de la biblioteca o con alguna actividad m\u00e1s concreta como en alg\u00fan momento puntual, realizar cuentacuentos, lecturas tutorizadas o alguna tarea organizativa dentro de la biblioteca escolar.<\/li><\/ul>\n\n\n\n<p>Los lectores:<\/p>\n\n\n\n<p>Todos los alumnos del centro y los profesores, pueden utilizar la biblioteca.<\/p>\n\n\n\n<p>Tambi\u00e9n lo podr\u00e1n hacer los padres y madres.<\/p>\n\n\n\n<p>Cada lector tiene un carn\u00e9, que ser\u00e1 necesario presentar<\/p>\n\n\n\n<p>para realizar los pr\u00e9stamos.<\/p>\n\n\n\n<p>SERVICIOS<\/p>\n\n\n\n<ol><li>Pr\u00e9stamo personal y colectivo.<\/li><li>Sala de estudio y lectura.<\/li><li>Actividades de animaci\u00f3n a la lectura.<\/li><li>Propuesta de actividades para la celebraci\u00f3n de d\u00edas espec\u00edficos.<\/li><li>Realizaci\u00f3n de actividades que el profesorado puede trasladar a la Biblioteca.<\/li><\/ol>\n\n\n\n<p>Normas que debemos cumplir:<\/p>\n\n\n\n<ul><li>En la Biblioteca Escolar se deber\u00e1 guardar silencio y orden.<\/li><li>Cuando cojas un libro de la estanter\u00eda, has de ser cuidadoso y dejar el resto de libros bien colocados.<\/li><li>Deber\u00e1s comer el bocadillo del recreo antes de entrar en la biblioteca.<\/li><li>S\u00f3lo pueden ir los cursos que les corresponde cada d\u00eda.<\/li><li>Puedes llevarte dos libros durante 15 d\u00edas.<\/li><li>Cada lector es responsable de los libros que toma en pr\u00e9stamo y si se deteriora deber\u00e1 reponerlo.<\/li><li>Siempre que te lleves un libro, la bibliotecaria debe anotar el pr\u00e9stamo.<\/li><li>Cuando devuelvas el libro, entr\u00e9galo a la bibliotecaria para que anote la devoluci\u00f3n.<\/li><\/ul>\n\n\n\n<p><\/p>\n\n\n\n<div class=\"wp-block-image\"><figure class=\"aligncenter size-large\"><img loading=\"lazy\" width=\"320\" height=\"187\" src=\"https:\/\/ceiptorrevieja.es\/wp-content\/uploads\/2020\/08\/bibliotecap.jpg\" alt=\"\" class=\"wp-image-141\" srcset=\"https:\/\/ceiptorrevieja.es\/wp-content\/uploads\/2020\/08\/bibliotecap.jpg 320w, https:\/\/ceiptorrevieja.es\/wp-content\/uploads\/2020\/08\/bibliotecap-300x175.jpg 300w\" sizes=\"(max-width: 320px) 100vw, 320px\" \/><\/figure><\/div>\n\n\n\n<p class=\"has-text-align-center has-vivid-red-color has-pale-cyan-blue-background-color has-text-color has-background\"><strong>SECUENCIACI\u00d3N DE LIBROS DE BIBLIOTECA DE AULA POR CURSO<\/strong><\/p>\n\n\n\n<p><strong><u><a href=\"https:\/\/docs.google.com\/document\/d\/1RoZMYYQNHAf2B0BzIpAC2peGjv5-zZwSAZDs7QsbVbc\/edit\">HOJA DE EVALUACI\u00d3N PLAN LECTOR<\/a><\/u><\/strong><\/p>\n\n\n\n<div class=\"wp-block-image\"><figure class=\"aligncenter size-full is-resized\"><img src=\"https:\/\/ceiptorrevieja.es\/wp-content\/uploads\/2020\/08\/BIBLIO1-2-scaled.jpg\" alt=\"\" class=\"wp-image-88\" width=\"647\" srcset=\"https:\/\/ceiptorrevieja.es\/wp-content\/uploads\/2020\/08\/BIBLIO1-2-scaled.jpg 457w, https:\/\/ceiptorrevieja.es\/wp-content\/uploads\/2020\/08\/BIBLIO1-2-183x1024.jpg 183w, https:\/\/ceiptorrevieja.es\/wp-content\/uploads\/2020\/08\/BIBLIO1-2-274x1536.jpg 274w\" sizes=\"(max-width: 457px) 100vw, 457px\" \/><\/figure><\/div>\n","protected":false},"excerpt":{"rendered":"<p>\u00a1BIENVENIDOS A LA BIBLIOTECA ESCOLAR ! CEIP TORREVIEJA Plan de Biblioteca PLAN DE LECTOESCRITURA SERVICIOS DE LA BIBLIOTECA ESCOLAR. La<\/p>\n","protected":false},"author":1,"featured_media":0,"parent":0,"menu_order":0,"comment_status":"closed","ping_status":"closed","template":"","meta":[],"_links":{"self":[{"href":"https:\/\/ceiptorrevieja.es\/index.php?rest_route=\/wp\/v2\/pages\/83"}],"collection":[{"href":"https:\/\/ceiptorrevieja.es\/index.php?rest_route=\/wp\/v2\/pages"}],"about":[{"href":"https:\/\/ceiptorrevieja.es\/index.php?rest_route=\/wp\/v2\/types\/page"}],"author":[{"embeddable":true,"href":"https:\/\/ceiptorrevieja.es\/index.php?rest_route=\/wp\/v2\/users\/1"}],"replies":[{"embeddable":true,"href":"https:\/\/ceiptorrevieja.es\/index.php?rest_route=%2Fwp%2Fv2%2Fcomments&post=83"}],"version-history":[{"count":14,"href":"https:\/\/ceiptorrevieja.es\/index.php?rest_route=\/wp\/v2\/pages\/83\/revisions"}],"predecessor-version":[{"id":8767,"href":"https:\/\/ceiptorrevieja.es\/index.php?rest_route=\/wp\/v2\/pages\/83\/revisions\/8767"}],"wp:attachment":[{"href":"https:\/\/ceiptorrevieja.es\/index.php?rest_route=%2Fwp%2Fv2%2Fmedia&parent=83"}],"curies":[{"name":"wp","href":"https:\/\/api.w.org\/{rel}","templated":true}]}}